{"id":128,"date":"2015-01-04T15:22:19","date_gmt":"2015-01-04T15:22:19","guid":{"rendered":"http:\/\/mpeodd.uniri.hr\/?page_id=128"},"modified":"2015-01-04T15:22:19","modified_gmt":"2015-01-04T15:22:19","slug":"elvio-baccarini","status":"publish","type":"page","link":"https:\/\/mpeodd.uniri.hr\/?page_id=128","title":{"rendered":"Elvio Baccarini"},"content":{"rendered":"<body><p><\/p>\n<p style=\"color: #141412;\"><a href=\"https:\/\/i0.wp.com\/66.147.244.158\/~unirismo\/socdevi\/wp-content\/uploads\/2014\/05\/s200_elvio.baccarini.jpg\"><img data-recalc-dims=\"1\" decoding=\"async\" class=\"alignleft size-thumbnail wp-image-25\" src=\"https:\/\/i0.wp.com\/66.147.244.158\/~unirismo\/socdevi\/wp-content\/uploads\/2014\/05\/s200_elvio.baccarini-150x150.jpg?resize=150%2C150\" alt=\"Elvio Baccarini\" width=\"150\" height=\"150\" loading=\"lazy\" srcset=\"https:\/\/i0.wp.com\/mpeodd.uniri.hr\/wp-content\/uploads\/2014\/05\/s200_elvio.baccarini.jpg?resize=150%2C150&amp;ssl=1 150w, https:\/\/i0.wp.com\/mpeodd.uniri.hr\/wp-content\/uploads\/2014\/05\/s200_elvio.baccarini.jpg?w=200&amp;ssl=1 200w\" sizes=\"(max-width: 150px) 100vw, 150px\" \/><\/a><a href=\"http:\/\/portal.uniri.hr\/portfelj\/elvio.baccarini@uniri.hr\">Dr. sc. Elvio Baccarini, red. prof. <\/a>(<a style=\"color: #bc360a;\" href=\"https:\/\/portal.uniri.hr\/portfelj\/elvio.baccarini@uniri.hr\">Portfelj<\/a>,\u00a0<a style=\"color: #bc360a;\" href=\"http:\/\/scholar.google.hr\/citations?user=Y5zQiZEAAAAJ&amp;hl=hr&amp;oi=ao\">Google znalac<\/a>,\u00a0<a style=\"color: #bc360a;\" href=\"http:\/\/bib.irb.hr\/lista-radova?autor=180230\">Crosbi<\/a>)<br>\nBavi se istra\u017eivanjem pitanja javnoga opravdanja normi dru\u0161tvenoga morala. Njegova su podru\u010dja istra\u017eivanja javni um kao metode javnoga opravdanja normi dru\u0161tvenoga morala (norma dru\u0161tvenoga morala je opravdana onda kada svaki kvalificirani pojedinac ima opravdanje za tu normu) i epistemi\u010dka deliberativna demokracija. Biti \u0107e anga\u017eiran u organizaciji radionica i konferencije i kao mentor Erniea Gigantea De\u0161kovi\u0107a.<\/p>\n<p>\u00a0<\/p>\n<p><strong>1. Objavljeni radovi:<\/strong><\/p>\n<p>Knjiga<\/p>\n<ul>\n<li>Baccarini, Elvio, u tisku:\u00a0<em>In A Better World? Public Reason and Biotechnologies<\/em>, Rijeka, Sveu\u010dili\u0161te u Rijeci, Filozofski fakultet u Rijeci<\/li>\n<\/ul>\n<p>Znanstveni \u010dlanci<\/p>\n<ul>\n<li>Baccarini, Elvio, 2014: \u201cPublic Reason. The Consensus and the Convergence View\u201d,\u00a0<em>Filozofija i dru\u0161tvo \/ Philosophy and Society<\/em>, 25, 75-95 (s odgovorima Jonathana Quonga)<\/li>\n<li>Baccarini, Elvio,\u00a0(2014), \u201cPublic Reason and Moral Bioenhancement\u201d,\u00a0<em>Etica e Politica \/ Ethics and Politics,\u00a0Vol. XVI, No. 2,\u00a0<\/em>pp. 1127 \u2013 1141.<\/li>\n<li>Baccarini, Elvio, (2015), \u201cThe Policy Maker. On Ethics and Public Policy\u201d,\u00a0<em>Philosophy and Public Issues<\/em>\u00a0(s odgovorima Jonathana Wolffa), u tisku<\/li>\n<\/ul>\n<p>Urednik zbornika<\/p>\n<ul>\n<li>Symposium posve\u0107en knjizi Jonathana Wolffa\u00a0<em>Liberalism without Perfection<\/em>\u00a0u \u010dasopisu Filozofija i dru\u0161tvo \/ Philosophy and Society.<\/li>\n<li>Symposium posve\u0107en knjizi Jonathana Wolffa\u00a0<em>Ethics and Public Policy<\/em>\u00a0u \u010dasopisuPhilosopy and Public Issues (u tisku)<\/li>\n<\/ul>\n<p><strong>3. Sudjelovanje s izlaganjem na me\u0111unarodnim znanstvenim skupovima<\/strong><\/p>\n<ul>\n<li>Sudjelovanje s\u00a0referatom na simpoziju koji je posve\u0107en filozofiji politike Thomasa Christiana u sklopu ljetne \u0161kole \u201eEquality and Citizenship\u201c, lipanj 2014.<\/li>\n<li>Sudjelovanje s referatom na simpoziju koji je posve\u0107en filozofiji politike Andrewa Williamsa u sklopu ljetne \u0161kole \u201eEquality and Citizenship\u201c, lipanj 2014.<\/li>\n<li>Sudjelovanje s referatom na simpoziju koji je posve\u0107en filozofiji politike Davida Millera u sklopu ljetne \u0161kole \u201eEquality and Citizenship\u201c, lipanj 2014.<\/li>\n<li>Sudjelovanje s referatom na konferenciji (<em>New) Challenges for Europe\u00a0in a Changing a\u00a0World\/ Knowledge for Europe,\u00a0<\/em>listopad 2014.<\/li>\n<li>Sudjelovanje s referatom \u2013 Baccarini, E. i L. Malatesti,; \u201cPsychopathy and public reasons\u201d (Poster), The 5th International Symposium on Psychiatry and Cognitive Neuroscience, Mind in the gap between neural and social networks; Psychiatric Hospital, Rab,; rujan 2014.<\/li>\n<li>Sudjelovanje s referatom \u2013 Baccarini, E. i L. Malatesti; Psychopathy and values\u201d ; predavanje; One day conference: Derek Bolton on mental disorder,; University of Rijeka; listopad 2014.<\/li>\n<li>Sudjelovanje referatom na simpoziju \u201eDemocracy, Identity, European Integration\u201c, studeni, 2014.<\/li>\n<li>Sudjelovanje na simpoziju koji je posve\u0107en filozofiji Alana Goldmana, prosinac 2014.<\/li>\n<\/ul>\n<ol start=\"3\">\n<li><strong>Pozvana predavanja<\/strong><\/li>\n<\/ol>\n<ul>\n<li>Institut za dru\u0161tvene nauke u Beogradu s referatom o moralnom unapre\u0111enju i biotehnologijama, studeni 2014.<\/li>\n<li>\u0160kola za politi\u010dke znanosti na Sveu\u010dili\u0161tu u Bologni s\u00a0referatom o demokraciji, jednakosti i javnom opravdanju zakona, studeni 2014.<\/li>\n<\/ul>\n<ol start=\"4\">\n<li><strong>Organizacijske aktivnosti<\/strong><\/li>\n<\/ol>\n<ul>\n<li>Direktor ljetne \u0161kole \u201eEquality and Citizenship\u201c,\u00a0lipanj-srpanj 2014.<\/li>\n<li>\u010clan organizacijskog odbora me\u0111unarodnog simpozija \u201eDemocracy, Identity, European Integration\u201d, studeni 2014.<\/li>\n<\/ul>\n<ol start=\"5\">\n<li><strong>Prezentacije u javnosti<\/strong><\/li>\n<\/ol>\n<ul>\n<li>Tribina o GMO, u sklopu ciklusa \u201eCoffehouse Debates\u201c u organiziciji udruge \u201eKulturni front\u201c i \u201eMilenij hoteli\u201c, u studeni 2014.<\/li>\n<li>Tribina o eksperimentarinju na \u017eivotinjama, u sklopu Rije\u010dkog interdisciplinarnog kongresa, u organizaciji Studentskoga zbora Sveu\u010dili\u0161ta u Rijeci, u studeni 2014.<\/li>\n<\/ul>\n<p><\/p>\n<\/body>","protected":false},"excerpt":{"rendered":"<p>Dr. sc. Elvio Baccarini, red. prof. (Portfelj,\u00a0Google znalac,\u00a0Crosbi) Bavi se istra\u017eivanjem pitanja javnoga opravdanja normi dru\u0161tvenoga morala. Njegova su podru\u010dja istra\u017eivanja javni um kao metode javnoga opravdanja normi dru\u0161tvenoga morala (norma dru\u0161tvenoga morala je opravdana onda kada svaki kvalificirani pojedinac ima opravdanje za tu normu) i epistemi\u010dka deliberativna demokracija. Biti \u0107e anga\u017eiran u organizaciji radionica [&hellip;]<\/p>\n","protected":false},"author":2,"featured_media":0,"parent":2,"menu_order":0,"comment_status":"open","ping_status":"open","template":"","meta":{"footnotes":""},"class_list":["post-128","page","type-page","status-publish","hentry"],"jetpack_sharing_enabled":true,"_links":{"self":[{"href":"https:\/\/mpeodd.uniri.hr\/index.php?rest_route=\/wp\/v2\/pages\/128"}],"collection":[{"href":"https:\/\/mpeodd.uniri.hr\/index.php?rest_route=\/wp\/v2\/pages"}],"about":[{"href":"https:\/\/mpeodd.uniri.hr\/index.php?rest_route=\/wp\/v2\/types\/page"}],"author":[{"embeddable":true,"href":"https:\/\/mpeodd.uniri.hr\/index.php?rest_route=\/wp\/v2\/users\/2"}],"replies":[{"embeddable":true,"href":"https:\/\/mpeodd.uniri.hr\/index.php?rest_route=%2Fwp%2Fv2%2Fcomments&post=128"}],"version-history":[{"count":2,"href":"https:\/\/mpeodd.uniri.hr\/index.php?rest_route=\/wp\/v2\/pages\/128\/revisions"}],"predecessor-version":[{"id":130,"href":"https:\/\/mpeodd.uniri.hr\/index.php?rest_route=\/wp\/v2\/pages\/128\/revisions\/130"}],"up":[{"embeddable":true,"href":"https:\/\/mpeodd.uniri.hr\/index.php?rest_route=\/wp\/v2\/pages\/2"}],"wp:attachment":[{"href":"https:\/\/mpeodd.uniri.hr\/index.php?rest_route=%2Fwp%2Fv2%2Fmedia&parent=128"}],"curies":[{"name":"wp","href":"https:\/\/api.w.org\/{rel}","templated":true}]}}